{"id":94,"date":"2020-04-13T05:27:17","date_gmt":"2020-04-13T05:27:17","guid":{"rendered":"http:\/\/test2.spvgg-reuth.de\/?page_id=94"},"modified":"2024-04-09T13:28:34","modified_gmt":"2024-04-09T13:28:34","slug":"datenschutz","status":"publish","type":"page","link":"https:\/\/spvgg-reuth.de\/?page_id=94","title":{"rendered":"Datenschutz"},"content":{"rendered":"<div data-colibri-id=\"94-c1\" class=\"style-327 style-local-94-c1 position-relative\">\n  <!---->\n  <div data-colibri-component=\"section\" data-colibri-id=\"94-c2\" id=\"custom\" class=\"h-section h-section-global-spacing d-flex align-items-lg-center align-items-md-center align-items-center style-328 style-local-94-c2 position-relative\">\n    <!---->\n    <!---->\n    <div class=\"h-section-grid-container h-section-boxed-container\">\n      <!---->\n      <div data-colibri-id=\"94-c3\" class=\"h-row-container gutters-row-lg-2 gutters-row-md-2 gutters-row-0 gutters-row-v-lg-2 gutters-row-v-md-2 gutters-row-v-2 style-329 style-local-94-c3 position-relative\">\n        <!---->\n        <div class=\"h-row justify-content-lg-center justify-content-md-center justify-content-center align-items-lg-stretch align-items-md-stretch align-items-stretch gutters-col-lg-2 gutters-col-md-2 gutters-col-0 gutters-col-v-lg-2 gutters-col-v-md-2 gutters-col-v-2\">\n          <!---->\n          <div class=\"h-column h-column-container d-flex h-col-lg-auto h-col-md-auto h-col-auto style-330-outer style-local-94-c4-outer\">\n            <div data-colibri-id=\"94-c4\" class=\"d-flex h-flex-basis h-column__inner h-px-lg-2 h-px-md-2 h-px-2 v-inner-lg-2 v-inner-md-2 v-inner-2 style-330 style-local-94-c4 position-relative\">\n              <!---->\n              <!---->\n              <div class=\"w-100 h-y-container h-column__content h-column__v-align flex-basis-100 align-self-lg-start align-self-md-start align-self-start\">\n                <!---->\n                <div data-colibri-id=\"94-c5\" class=\"h-text h-text-component style-331 style-local-94-c5 position-relative h-element\">\n                  <!---->\n                  <!---->\n                  <div class=\"\">\n                    <p>Datenschutzerkl\u00e4rung<\/p>\n                    <p><span style=\"color: rgb(70, 112, 127); font-family: Open Sans; font-size: 16px; font-weight: 400;\"> <\/span><\/p>\n                    <p>Wir freuen uns sehr \u00fcber Ihr Interesse an der Sp.Vgg. Reuth. Da uns der Schutz Ihrer pers\u00f6nlichen Daten ein gro\u00dfes Anliegen ist, machen wir Sie darauf aufmerksam, dass eine Nutzung der Internetseiten des Sp.Vgg.Reuth grunds\u00e4tzlich\n                      ohne jede Angabe personenbezogener Daten m\u00f6glich ist. Sofern Sie an besonderen Dienstleistungen des Sp.Vgg. Reuth interessiert sind, k\u00f6nnte jedoch eine Verarbeitung personenbezogener Daten erforderlich werden. Hierf\u00fcr holen wir -soweit\n                      keine gesetzliche Grundlage vorhanden ist- generell Ihre Einwilligung ein.<\/p>\n                    <p><span style=\"color: rgb(70, 112, 127); font-family: Open Sans; font-size: 16px; font-weight: 400;\"> <\/span><\/p>\n                    <p>I. Name und Anschrift des f\u00fcr die Verarbeitung Verantwortlichen<\/p>\n                    <p><span style=\"color: rgb(70, 112, 127); font-family: Open Sans; font-size: 16px; font-weight: 400;\"> <\/span><\/p>\n                    <p>Verantwortlicher im Sinne der Datenschutz-Grundverordnung, sonstiger in den Mitgliedstaaten der Europ\u00e4ischen Union geltenden Datenschutzgesetze und anderer Bestimmungen mit datenschutzrechtlichem Charakter ist der:<\/p>\n                    <p><span style=\"color: rgb(70, 112, 127); font-family: Open Sans; font-size: 16px; font-weight: 400;\"> <\/span><\/p>\n                    <p>Sp.Vgg. Reuth e.V.<\/p>\n                    <p><span style=\"color: rgb(70, 112, 127); font-family: Open Sans; font-size: 16px; font-weight: 400;\"> <\/span><\/p>\n                    <p>Endres Veronika\n                      <br>\n                    <\/p>\n                    <p><span style=\"color: rgb(70, 112, 127); font-family: Open Sans; font-size: 16px; font-weight: 400;\"> <\/span><\/p>\n                    <p>Am Sportplatz 1<\/p>\n                    <p><span style=\"color: rgb(70, 112, 127); font-family: Open Sans; font-size: 16px; font-weight: 400;\"> <\/span><\/p>\n                    <p>91301 Forchheim<\/p>\n                    <p><span style=\"color: rgb(70, 112, 127); font-family: Open Sans; font-size: 16px; font-weight: 400;\"> <\/span><\/p>\n                    <p>Deutschland<\/p>\n                    <p><span style=\"color: rgb(70, 112, 127); font-family: Open Sans; font-size: 16px; font-weight: 400;\"> <\/span><\/p>\n                    <p><span style=\"color: rgb(70, 112, 127); font-family: Open Sans; font-size: 16px; font-weight: 400;\"> <\/span><\/p>\n                    <p>Website: www.spvgg-reuth.de<\/p>\n                    <p><span style=\"color: rgb(70, 112, 127); font-family: Open Sans; font-size: 16px; font-weight: 400;\"> <\/span><\/p>\n                    <p>II.&nbsp;&nbsp;&nbsp;Allgemeines zur Datenverarbeitung<\/p>\n                    <p><span style=\"color: rgb(70, 112, 127); font-family: Open Sans; font-size: 16px; font-weight: 400;\"> <\/span><\/p>\n                    <p>1.&nbsp;&nbsp;&nbsp;Umfang der Verarbeitung personenbezogener Daten<\/p>\n                    <p><span style=\"color: rgb(70, 112, 127); font-family: Open Sans; font-size: 16px; font-weight: 400;\"> <\/span><\/p>\n                    <p>Wir verarbeiten personenbezogene Daten unserer Nutzer grunds\u00e4tzlich nur, soweit dies zur Bereitstellung einer funktionsf\u00e4higen Website sowie unserer Inhalte und Leistungen erforderlich ist. Die Verarbeitung personenbezogener Daten\n                      unserer Nutzer erfolgt regelm\u00e4\u00dfig nur nach Einwilligung des Nutzers. Eine Ausnahme gilt in solchen F\u00e4llen, in denen eine vorherige Einholung einer Einwilligung aus tats\u00e4chlichen Gr\u00fcnden nicht m\u00f6glich ist und die Verarbeitung der\n                      Daten durch gesetzliche Vorschriften gestattet ist.<\/p>\n                    <p><span style=\"color: rgb(70, 112, 127); font-family: Open Sans; font-size: 16px; font-weight: 400;\"> <\/span><\/p>\n                    <p>2.&nbsp;&nbsp;&nbsp;Rechtsgrundlage f\u00fcr die Verarbeitung personenbezogener Daten<\/p>\n                    <p><span style=\"color: rgb(70, 112, 127); font-family: Open Sans; font-size: 16px; font-weight: 400;\"> <\/span><\/p>\n                    <p>Soweit wir f\u00fcr Verarbeitungsvorg\u00e4nge personenbezogener Daten eine Einwilligung der betroffenen Person einholen, dient Art. 6 Abs. 1 lit. a EU-Datenschutzgrundverordnung (DSGVO) als Rechtsgrundlage.<\/p>\n                    <p><span style=\"color: rgb(70, 112, 127); font-family: Open Sans; font-size: 16px; font-weight: 400;\"> <\/span><\/p>\n                    <p>Bei der Verarbeitung von personenbezogenen Daten, die zur Erf\u00fcllung eines Vertrages, dessen Vertragspartei die betroffene Person ist, erforderlich ist, dient Art. 6 Abs. 1 lit. b DSGVO als Rechtsgrundlage. Dies gilt auch f\u00fcr Verarbeitungsvorg\u00e4nge,\n                      die zur Durchf\u00fchrung vorvertraglicher Ma\u00dfnahmen erforderlich sind.<\/p>\n                    <p><span style=\"color: rgb(70, 112, 127); font-family: Open Sans; font-size: 16px; font-weight: 400;\"> <\/span><\/p>\n                    <p>Soweit eine Verarbeitung personenbezogener Daten zur Erf\u00fcllung einer rechtlichen Verpflichtung erforderlich ist, der unsere Abteilung unterliegt, dient Art. 6 Abs. 1 lit. c DSGVO als Rechtsgrundlage.<\/p>\n                    <p><span style=\"color: rgb(70, 112, 127); font-family: Open Sans; font-size: 16px; font-weight: 400;\"> <\/span><\/p>\n                    <p>F\u00fcr den Fall, dass lebenswichtige Interessen der betroffenen Person oder einer anderen nat\u00fcrlichen Person eine Verarbeitung personenbezogener Daten erforderlich machen, dient Art. 6 Abs. 1 lit. d DSGVO als Rechtsgrundlage.<\/p>\n                    <p><span style=\"color: rgb(70, 112, 127); font-family: Open Sans; font-size: 16px; font-weight: 400;\"> <\/span><\/p>\n                    <p>Ist die Verarbeitung zur Wahrung eines berechtigten Interesses unserer Abteilung oder eines Dritten erforderlich und \u00fcberwiegen die Interessen, Grundrechte und Grundfreiheiten des Betroffenen das erstgenannte Interesse nicht, so dient\n                      Art. 6 Abs. 1 lit. f DSGVO als Rechtsgrundlage f\u00fcr die Verarbeitung.<\/p>\n                    <p><span style=\"color: rgb(70, 112, 127); font-family: Open Sans; font-size: 16px; font-weight: 400;\"> <\/span><\/p>\n                    <p>3.&nbsp;&nbsp;&nbsp;Datenl\u00f6schung und Speicherdauer<\/p>\n                    <p><span style=\"color: rgb(70, 112, 127); font-family: Open Sans; font-size: 16px; font-weight: 400;\"> <\/span><\/p>\n                    <p>Die personenbezogenen Daten der betroffenen Person werden gel\u00f6scht oder gesperrt, sobald der Zweck der Speicherung entf\u00e4llt. Eine Speicherung kann dar\u00fcber hinaus erfolgen, wenn dies durch den europ\u00e4ischen oder nationalen Gesetzgeber\n                      in unionsrechtlichen Verordnungen, Gesetzen oder sonstigen Vorschriften, denen der Verantwortliche unterliegt, vorgesehen wurde. Eine Sperrung oder L\u00f6schung der Daten erfolgt auch dann, wenn eine durch die genannten Normen vorgeschriebene\n                      Speicherfrist abl\u00e4uft, es sei denn, dass eine Erforderlichkeit zur weiteren Speicherung der Daten f\u00fcr einen Vertragsabschlussoder eine Vertragserf\u00fcllung besteht.<\/p>\n                    <p><span style=\"color: rgb(70, 112, 127); font-family: Open Sans; font-size: 16px; font-weight: 400;\"> <\/span><\/p>\n                    <p>III.&nbsp;&nbsp;&nbsp;Bereitstellung der Website und Erstellung von Logfiles<\/p>\n                    <p><span style=\"color: rgb(70, 112, 127); font-family: Open Sans; font-size: 16px; font-weight: 400;\"> <\/span><\/p>\n                    <p>1.&nbsp;&nbsp;&nbsp;Beschreibung und Umfang der Datenverarbeitung<\/p>\n                    <p><span style=\"color: rgb(70, 112, 127); font-family: Open Sans; font-size: 16px; font-weight: 400;\"> <\/span><\/p>\n                    <p>Bei jedem Aufruf unserer Internetseite erfasst unser System automatisiert Daten und Informationen vom Computersystem des aufrufenden Rechners.<\/p>\n                    <p><span style=\"color: rgb(70, 112, 127); font-family: Open Sans; font-size: 16px; font-weight: 400;\"> <\/span><\/p>\n                    <p>Folgende Daten werden hierbei erhoben:<\/p>\n                    <p><span style=\"color: rgb(70, 112, 127); font-family: Open Sans; font-size: 16px; font-weight: 400;\"> <\/span><\/p>\n                    <p>Informationen \u00fcber den Browsertyp und die verwendete Version<\/p>\n                    <p><span style=\"color: rgb(70, 112, 127); font-family: Open Sans; font-size: 16px; font-weight: 400;\"> <\/span><\/p>\n                    <p>Das Betriebssystem des Nutzers<\/p>\n                    <p><span style=\"color: rgb(70, 112, 127); font-family: Open Sans; font-size: 16px; font-weight: 400;\"> <\/span><\/p>\n                    <p>Den Internet-Service-Provider des Nutzers<\/p>\n                    <p><span style=\"color: rgb(70, 112, 127); font-family: Open Sans; font-size: 16px; font-weight: 400;\"> <\/span><\/p>\n                    <p>Die IP-Adresse des Nutzers<\/p>\n                    <p><span style=\"color: rgb(70, 112, 127); font-family: Open Sans; font-size: 16px; font-weight: 400;\"> <\/span><\/p>\n                    <p>Datum und Uhrzeit des Zugriffs<\/p>\n                    <p><span style=\"color: rgb(70, 112, 127); font-family: Open Sans; font-size: 16px; font-weight: 400;\"> <\/span><\/p>\n                    <p>Websites, von denen das System des Nutzers auf unsere Internetseite gelangt<\/p>\n                    <p><span style=\"color: rgb(70, 112, 127); font-family: Open Sans; font-size: 16px; font-weight: 400;\"> <\/span><\/p>\n                    <p>Websites, die vom System des Nutzers \u00fcber unsere Website aufgerufen werden<\/p>\n                    <p><span style=\"color: rgb(70, 112, 127); font-family: Open Sans; font-size: 16px; font-weight: 400;\"> <\/span><\/p>\n                    <p>Die Daten werden ebenfalls in den Logfiles unseres Systems gespeichert. Eine Speicherung dieser Daten zusammen mit anderen personenbezogenen Daten des Nutzers findet nicht statt.<\/p>\n                    <p><span style=\"color: rgb(70, 112, 127); font-family: Open Sans; font-size: 16px; font-weight: 400;\"> <\/span><\/p>\n                    <p>2.&nbsp;&nbsp;&nbsp;Rechtsgrundlage f\u00fcr die Datenverarbeitung<\/p>\n                    <p><span style=\"color: rgb(70, 112, 127); font-family: Open Sans; font-size: 16px; font-weight: 400;\"> <\/span><\/p>\n                    <p>Rechtsgrundlage f\u00fcr die vor\u00fcbergehende Speicherung der Daten und der Logfiles ist Art. 6 Abs. 1 lit. f DSGVO.<\/p>\n                    <p><span style=\"color: rgb(70, 112, 127); font-family: Open Sans; font-size: 16px; font-weight: 400;\"> <\/span><\/p>\n                    <p>3.&nbsp;&nbsp;&nbsp;Zweck der Datenverarbeitung<\/p>\n                    <p><span style=\"color: rgb(70, 112, 127); font-family: Open Sans; font-size: 16px; font-weight: 400;\"> <\/span><\/p>\n                    <p>Die vor\u00fcbergehende Speicherung der IP-Adresse durch das System ist notwendig, um eine Auslieferung der Website an den Rechner des Nutzers zu erm\u00f6glichen. Hierf\u00fcr muss die IP-Adresse des Nutzers f\u00fcr die Dauer der Sitzung gespeichert\n                      bleiben.<\/p>\n                    <p><span style=\"color: rgb(70, 112, 127); font-family: Open Sans; font-size: 16px; font-weight: 400;\"> <\/span><\/p>\n                    <p>Die Speicherung in Logfiles erfolgt, um die Funktionsf\u00e4higkeit der Website sicherzustellen. Zudem dienen uns die Daten zur Optimierung der Website und zur Sicherstellung der Sicherheit unserer informationstechnischen Systeme. Eine\n                      Auswertung der Daten zu Marketingzwecken findet in diesem Zusammenhang nicht statt.<\/p>\n                    <p><span style=\"color: rgb(70, 112, 127); font-family: Open Sans; font-size: 16px; font-weight: 400;\"> <\/span><\/p>\n                    <p>In diesen Zwecken liegt auch unser berechtigtes Interesse an der Datenverarbeitung nach Art. 6 Abs. 1 lit. f DSGVO.<\/p>\n                    <p><span style=\"color: rgb(70, 112, 127); font-family: Open Sans; font-size: 16px; font-weight: 400;\"> <\/span><\/p>\n                    <p>4.&nbsp;&nbsp;&nbsp;Dauer der Speicherung<\/p>\n                    <p><span style=\"color: rgb(70, 112, 127); font-family: Open Sans; font-size: 16px; font-weight: 400;\"> <\/span><\/p>\n                    <p>Die Daten werden gel\u00f6scht, sobald sie f\u00fcr die Erreichung des Zweckes ihrer Erhebung nicht mehr erforderlich sind. Im Falle der Erfassung der Daten zur Bereitstellung der Website ist dies der Fall, wenn die jeweilige Sitzung beendet\n                      ist.<\/p>\n                    <p><span style=\"color: rgb(70, 112, 127); font-family: Open Sans; font-size: 16px; font-weight: 400;\"> <\/span><\/p>\n                    <p>Im Falle der Speicherung der Daten in Logfiles ist dies nach sp\u00e4testens sieben Tagen der Fall. Eine dar\u00fcberhinausgehende Speicherung ist m\u00f6glich. In diesem Fall werden die IP-Adressen der Nutzer gel\u00f6scht oder verfremdet, sodass eine\n                      Zuordnung des aufrufenden Clients nicht mehr m\u00f6glich ist.<\/p>\n                    <p><span style=\"color: rgb(70, 112, 127); font-family: Open Sans; font-size: 16px; font-weight: 400;\"> <\/span><\/p>\n                    <p>5.&nbsp;&nbsp;&nbsp;Widerspruchs- und Beseitigungsm\u00f6glichkeit<\/p>\n                    <p><span style=\"color: rgb(70, 112, 127); font-family: Open Sans; font-size: 16px; font-weight: 400;\"> <\/span><\/p>\n                    <p>Die Erfassung der Daten zur Bereitstellung der Website und die Speicherung der Daten in Logfiles ist f\u00fcr den Betrieb der Internetseite zwingend erforderlich. Es besteht folglich seitens des Nutzers keine Widerspruchsm\u00f6glichkeit.<\/p>\n                    <p><span style=\"color: rgb(70, 112, 127); font-family: Open Sans; font-size: 16px; font-weight: 400;\"> <\/span><\/p>\n                    <p>IV.&nbsp;&nbsp;&nbsp;Verwendung von Cookies<\/p>\n                    <p><span style=\"color: rgb(70, 112, 127); font-family: Open Sans; font-size: 16px; font-weight: 400;\"> <\/span><\/p>\n                    <p>Unsere Webseite verwendet Cookies. Bei Cookies handelt es sich um Textdateien, die im Internetbrowser bzw. vom Internetbrowser auf dem Computersystem des Nutzers gespeichert werden. Ruft ein Nutzer eine Website auf, so kann ein Cookie\n                      auf dem Betriebssystem des Nutzers gespeichert werden. Dieser Cookie enth\u00e4lt eine charakteristische Zeichenfolge, die eine eindeutige Identifizierung des Browsers beim erneuten Aufrufen der Website erm\u00f6glicht.<\/p>\n                    <p><span style=\"color: rgb(70, 112, 127); font-family: Open Sans; font-size: 16px; font-weight: 400;\"> <\/span><\/p>\n                    <p>Wir setzen Cookies ein, um unsere Website nutzerfreundlicher zu gestalten. Einige Elemente unserer Internetseite erfordern es, dass der aufrufende Browser auch nach einem Seitenwechsel identifiziert werden kann.<\/p>\n                    <p><span style=\"color: rgb(70, 112, 127); font-family: Open Sans; font-size: 16px; font-weight: 400;\"> <\/span><\/p>\n                    <p>Cookies werden auf dem Rechner des Nutzers gespeichert und von diesem an unserer Seite \u00fcbermittelt. Daher haben Sie als Nutzer auch die volle Kontrolle \u00fcber die Verwendung von Cookies. Durch eine \u00c4nderung der Einstellungen in Ihrem\n                      Internetbrowser k\u00f6nnen Sie die \u00dcbertragung von Cookies deaktivieren oder einschr\u00e4nken. Bereits gespeicherte Cookies k\u00f6nnen jederzeit gel\u00f6scht werden. Dies kann auch automatisiert erfolgen. Werden Cookies f\u00fcr unsere Website deaktiviert,\n                      k\u00f6nnen m\u00f6glicherweise nicht mehr alle Funktionen der Website vollumf\u00e4nglich genutzt werden.<\/p>\n                    <p><span style=\"color: rgb(70, 112, 127); font-family: Open Sans; font-size: 16px; font-weight: 400;\"> <\/span><\/p>\n                    <p>Die Rechtsgrundlage f\u00fcr die Verarbeitung personenbezogener Daten unter Verwendung von Cookies ist Art. 6 Abs. 1 lit. f DSGVO. Die durch Cookies erhobenen Nutzerdaten werden nicht zur Erstellung von Nutzerprofilen verwendet.<\/p>\n                    <p><span style=\"color: rgb(70, 112, 127); font-family: Open Sans; font-size: 16px; font-weight: 400;\"> <\/span><\/p>\n                    <p>V.&nbsp;&nbsp;&nbsp;Kontaktformular und E-Mail-Kontakt<\/p>\n                    <p><span style=\"color: rgb(70, 112, 127); font-family: Open Sans; font-size: 16px; font-weight: 400;\"> <\/span><\/p>\n                    <p>1.&nbsp;&nbsp;&nbsp;Beschreibung und Umfang der Datenverarbeitung<\/p>\n                    <p><span style=\"color: rgb(70, 112, 127); font-family: Open Sans; font-size: 16px; font-weight: 400;\"> <\/span><\/p>\n                    <p>Auf unserer Internetseite ist ein Kontaktformular vorhanden, welches f\u00fcr die elektronische Kontaktaufnahme genutzt werden kann. Nimmt ein Nutzer diese M\u00f6glichkeit wahr, so werden die in der Eingabemaske eingegeben Daten an uns \u00fcbermittelt\n                      und gespeichert. Diese Daten sind:<\/p>\n                    <p><span style=\"color: rgb(70, 112, 127); font-family: Open Sans; font-size: 16px; font-weight: 400;\"> <\/span><\/p>\n                    <p>Im Zeitpunkt der Absendung der Nachricht werden zudem folgende Daten gespeichert:<\/p>\n                    <p><span style=\"color: rgb(70, 112, 127); font-family: Open Sans; font-size: 16px; font-weight: 400;\"> <\/span><\/p>\n                    <p>Ihre IP-Adresse<\/p>\n                    <p><span style=\"color: rgb(70, 112, 127); font-family: Open Sans; font-size: 16px; font-weight: 400;\"> <\/span><\/p>\n                    <p>Datum und Uhrzeit<\/p>\n                    <p><span style=\"color: rgb(70, 112, 127); font-family: Open Sans; font-size: 16px; font-weight: 400;\"> <\/span><\/p>\n                    <p>Betriebssystem und verwendeter Browser<\/p>\n                    <p><span style=\"color: rgb(70, 112, 127); font-family: Open Sans; font-size: 16px; font-weight: 400;\"> <\/span><\/p>\n                    <p>F\u00fcr die Verarbeitung der Daten wird im Rahmen des Absendevorgangs Ihre Einwilligung eingeholt und auf diese Datenschutzerkl\u00e4rung verwiesen. Alternativ ist eine Kontaktaufnahme \u00fcber die bereitgestellte E-Mail-Adresse m\u00f6glich. In diesem\n                      Fall werden die mit der E-Mail \u00fcbermittelten personenbezogenen Daten des Nutzers gespeichert.<\/p>\n                    <p><span style=\"color: rgb(70, 112, 127); font-family: Open Sans; font-size: 16px; font-weight: 400;\"> <\/span><\/p>\n                    <p>Die Daten werden ausschlie\u00dflich f\u00fcr die Verarbeitung der Konversation verwendet.<\/p>\n                    <p><span style=\"color: rgb(70, 112, 127); font-family: Open Sans; font-size: 16px; font-weight: 400;\"> <\/span><\/p>\n                    <p>2.&nbsp;&nbsp;&nbsp;Rechtsgrundlage f\u00fcr die Datenverarbeitung<\/p>\n                    <p><span style=\"color: rgb(70, 112, 127); font-family: Open Sans; font-size: 16px; font-weight: 400;\"> <\/span><\/p>\n                    <p>Rechtsgrundlage f\u00fcr die Verarbeitung der Daten ist&nbsp;Art. 6 Abs. 1 lit. a,b und f DSGVO.<\/p>\n                    <p><span style=\"color: rgb(70, 112, 127); font-family: Open Sans; font-size: 16px; font-weight: 400;\"> <\/span><\/p>\n                    <p>3.&nbsp;&nbsp;&nbsp;Zweck der Datenverarbeitung<\/p>\n                    <p><span style=\"color: rgb(70, 112, 127); font-family: Open Sans; font-size: 16px; font-weight: 400;\"> <\/span><\/p>\n                    <p>Die Verarbeitung der personenbezogenen Daten aus der Eingabemaske dient uns allein zur Bearbeitung der Kontaktaufnahme. Im Falle einer Kontaktaufnahme per E-Mail liegt hieran auch das erforderliche berechtigte Interesse an der Verarbeitung\n                      der Daten.<\/p>\n                    <p><span style=\"color: rgb(70, 112, 127); font-family: Open Sans; font-size: 16px; font-weight: 400;\"> <\/span><\/p>\n                    <p>Die sonstigen w\u00e4hrend des Absendevorgangs verarbeiteten personenbezogenen Daten dienen dazu, einen Missbrauch des Kontaktformulars zu verhindern und die Sicherheit unserer informationstechnischen Systeme sicherzustellen.<\/p>\n                    <p><span style=\"color: rgb(70, 112, 127); font-family: Open Sans; font-size: 16px; font-weight: 400;\"> <\/span><\/p>\n                    <p>4.&nbsp;&nbsp;&nbsp;Dauer der Speicherung<\/p>\n                    <p><span style=\"color: rgb(70, 112, 127); font-family: Open Sans; font-size: 16px; font-weight: 400;\"> <\/span><\/p>\n                    <p>Die Daten werden gel\u00f6scht, sobald sie f\u00fcr die Erreichung des Zweckes ihrer Erhebung nicht mehr erforderlich sind. F\u00fcr die personenbezogenen Daten aus der Eingabemaske des Kontaktformulars und diejenigen, die per E-Mail \u00fcbersandt wurden,\n                      ist dies dann der Fall, wenn die jeweilige Konversation mit dem Nutzer beendet ist. Beendet ist die Konversation dann, wenn sich aus den Umst\u00e4nden entnehmen l\u00e4sst, dass der betroffene Sachverhalt abschlie\u00dfend gekl\u00e4rt ist.<\/p>\n                    <p><span style=\"color: rgb(70, 112, 127); font-family: Open Sans; font-size: 16px; font-weight: 400;\"> <\/span><\/p>\n                    <p>Die w\u00e4hrend des Absendevorgangs zus\u00e4tzlich erhobenen personenbezogenen Daten werden sp\u00e4testens nach einer Frist von sieben Tagen gel\u00f6scht.<\/p>\n                    <p><span style=\"color: rgb(70, 112, 127); font-family: Open Sans; font-size: 16px; font-weight: 400;\"> <\/span><\/p>\n                    <p>5.&nbsp;&nbsp;&nbsp;Widerspruchs- und Beseitigungsm\u00f6glichkeit<\/p>\n                    <p><span style=\"color: rgb(70, 112, 127); font-family: Open Sans; font-size: 16px; font-weight: 400;\"> <\/span><\/p>\n                    <p>Der Nutzer hat jederzeit die M\u00f6glichkeit, seine Einwilligung zur Verarbeitung der personenbezogenen Daten zu widerrufen. Nimmt der Nutzer per E-Mail Kontakt mit uns auf, so kann er der Speicherung seiner personenbezogenen Daten jederzeit\n                      widersprechen. In einem solchen Fall kann die Konversation nicht fortgef\u00fchrt werden. Alle personenbezogenen Daten, die im Zuge der Kontaktaufnahme gespeichert wurden, werden in diesem Fall gel\u00f6scht.<\/p>\n                    <p><span style=\"color: rgb(70, 112, 127); font-family: Open Sans; font-size: 16px; font-weight: 400;\"> <\/span><\/p>\n                    <p>VI.&nbsp;&nbsp;&nbsp;Rechte der betroffenen Person<\/p>\n                    <p><span style=\"color: rgb(70, 112, 127); font-family: Open Sans; font-size: 16px; font-weight: 400;\"> <\/span><\/p>\n                    <p>Werden personenbezogene Daten von Ihnen verarbeitet, sind Sie Betroffener i.S.d. DSGVO und es stehen Ihnen folgende Rechte gegen\u00fcber dem Verantwortlichen zu:<\/p>\n                    <p><span style=\"color: rgb(70, 112, 127); font-family: Open Sans; font-size: 16px; font-weight: 400;\"> <\/span><\/p>\n                    <p>1.&nbsp;&nbsp;&nbsp;Auskunftsrecht<\/p>\n                    <p><span style=\"color: rgb(70, 112, 127); font-family: Open Sans; font-size: 16px; font-weight: 400;\"> <\/span><\/p>\n                    <p>Sie k\u00f6nnen von dem Verantwortlichen eine Best\u00e4tigung dar\u00fcber verlangen, ob personenbezogene Daten, die Sie betreffen, von uns verarbeitet werden.<\/p>\n                    <p><span style=\"color: rgb(70, 112, 127); font-family: Open Sans; font-size: 16px; font-weight: 400;\"> <\/span><\/p>\n                    <p>Liegt eine solche Verarbeitung vor, k\u00f6nnen Sie von dem Verantwortlichen \u00fcber folgende Informationen Auskunft verlangen:<\/p>\n                    <p><span style=\"color: rgb(70, 112, 127); font-family: Open Sans; font-size: 16px; font-weight: 400;\"> <\/span><\/p>\n                    <p>die Zwecke, zu denen die personenbezogenen Daten verarbeitet werden;<\/p>\n                    <p><span style=\"color: rgb(70, 112, 127); font-family: Open Sans; font-size: 16px; font-weight: 400;\"> <\/span><\/p>\n                    <p>die Kategorien von personenbezogenen Daten, welche verarbeitet werden;<\/p>\n                    <p><span style=\"color: rgb(70, 112, 127); font-family: Open Sans; font-size: 16px; font-weight: 400;\"> <\/span><\/p>\n                    <p>die Empf\u00e4nger bzw. die Kategorien von Empf\u00e4ngern, gegen\u00fcber denen die Sie betreffenden personenbezogenen Daten offengelegt wurden oder noch offengelegt werden;<\/p>\n                    <p><span style=\"color: rgb(70, 112, 127); font-family: Open Sans; font-size: 16px; font-weight: 400;\"> <\/span><\/p>\n                    <p>die geplante Dauer der Speicherung der Sie betreffenden personenbezogenen Daten oder, falls konkrete Angaben hierzu nicht m\u00f6glich sind, Kriterien f\u00fcr die Festlegung der Speicherdauer;<\/p>\n                    <p><span style=\"color: rgb(70, 112, 127); font-family: Open Sans; font-size: 16px; font-weight: 400;\"> <\/span><\/p>\n                    <p>das Bestehen eines Rechts auf Berichtigung oder L\u00f6schung der Sie betreffenden personenbezogenen Daten, eines Rechts auf Einschr\u00e4nkung der Verarbeitung durch den Verantwortlichen oder eines Widerspruchsrechts gegen diese Verarbeitung;<\/p>\n                    <p><span style=\"color: rgb(70, 112, 127); font-family: Open Sans; font-size: 16px; font-weight: 400;\"> <\/span><\/p>\n                    <p>das Bestehen eines Beschwerderechts bei einer Aufsichtsbeh\u00f6rde;<\/p>\n                    <p><span style=\"color: rgb(70, 112, 127); font-family: Open Sans; font-size: 16px; font-weight: 400;\"> <\/span><\/p>\n                    <p>alle verf\u00fcgbaren Informationen \u00fcber die Herkunft der Daten, wenn die personenbezogenen Daten nicht bei der betroffenen Person erhoben werden;<\/p>\n                    <p><span style=\"color: rgb(70, 112, 127); font-family: Open Sans; font-size: 16px; font-weight: 400;\"> <\/span><\/p>\n                    <p>das Bestehen einer automatisierten Entscheidungsfindung einschlie\u00dflich Profiling gem\u00e4\u00df Art. 22 Abs. 1 und 4 DSGVO und \u2013 zumindest in diesen F\u00e4llen \u2013 aussagekr\u00e4ftige Informationen \u00fcber die involvierte Logik sowie die Tragweite und die\n                      angestrebten Auswirkungen einer derartigen Verarbeitung f\u00fcr die betroffene Person.<\/p>\n                    <p><span style=\"color: rgb(70, 112, 127); font-family: Open Sans; font-size: 16px; font-weight: 400;\"> <\/span><\/p>\n                    <p>Ihnen steht das Recht zu, Auskunft dar\u00fcber zu verlangen, ob die Sie betreffenden personenbezogenen Daten in ein Drittland oder an eine internationale Organisation \u00fcbermittelt werden. In diesem Zusammenhang k\u00f6nnen Sie verlangen, \u00fcber\n                      die geeigneten Garantien gem. Art. 46 DSGVO im Zusammenhang mit der \u00dcbermittlung unterrichtet zu werden.<\/p>\n                    <p><span style=\"color: rgb(70, 112, 127); font-family: Open Sans; font-size: 16px; font-weight: 400;\"> <\/span><\/p>\n                    <p>2.&nbsp;&nbsp;&nbsp;Recht auf Berichtigung<\/p>\n                    <p><span style=\"color: rgb(70, 112, 127); font-family: Open Sans; font-size: 16px; font-weight: 400;\"> <\/span><\/p>\n                    <p>Sie haben ein Recht auf Berichtigung und\/oder Vervollst\u00e4ndigung gegen\u00fcber dem Verantwortlichen, sofern die verarbeiteten personenbezogenen Daten, die Sie betreffen, unrichtig oder unvollst\u00e4ndig sind. Der Verantwortliche hat die Berichtigung\n                      unverz\u00fcglich vorzunehmen.<\/p>\n                    <p>\n                      <br>\n                    <\/p>\n                  <\/div>\n                <\/div>\n              <\/div>\n            <\/div>\n          <\/div>\n        <\/div>\n      <\/div>\n    <\/div>\n  <\/div>\n<\/div>","protected":false},"excerpt":{"rendered":"<p>Datenschutzerkl\u00e4rung Wir freuen uns sehr \u00fcber Ihr Interesse an der Sp.Vgg. Reuth. Da uns der Schutz Ihrer pers\u00f6nlichen Daten ein gro\u00dfes Anliegen ist, machen wir Sie darauf aufmerksam, dass eine [&hellip;]<\/p>\n","protected":false},"author":1,"featured_media":0,"parent":0,"menu_order":0,"comment_status":"closed","ping_status":"closed","template":"page-templates\/full-width-page.php","meta":{"_monsterinsights_skip_tracking":false,"_monsterinsights_sitenote_active":false,"_monsterinsights_sitenote_note":"","_monsterinsights_sitenote_category":0,"footnotes":""},"class_list":["post-94","page","type-page","status-publish","hentry"],"aioseo_notices":[],"_links":{"self":[{"href":"https:\/\/spvgg-reuth.de\/index.php?rest_route=\/wp\/v2\/pages\/94","targetHints":{"allow":["GET"]}}],"collection":[{"href":"https:\/\/spvgg-reuth.de\/index.php?rest_route=\/wp\/v2\/pages"}],"about":[{"href":"https:\/\/spvgg-reuth.de\/index.php?rest_route=\/wp\/v2\/types\/page"}],"author":[{"embeddable":true,"href":"https:\/\/spvgg-reuth.de\/index.php?rest_route=\/wp\/v2\/users\/1"}],"replies":[{"embeddable":true,"href":"https:\/\/spvgg-reuth.de\/index.php?rest_route=%2Fwp%2Fv2%2Fcomments&post=94"}],"version-history":[{"count":4,"href":"https:\/\/spvgg-reuth.de\/index.php?rest_route=\/wp\/v2\/pages\/94\/revisions"}],"predecessor-version":[{"id":5769,"href":"https:\/\/spvgg-reuth.de\/index.php?rest_route=\/wp\/v2\/pages\/94\/revisions\/5769"}],"wp:attachment":[{"href":"https:\/\/spvgg-reuth.de\/index.php?rest_route=%2Fwp%2Fv2%2Fmedia&parent=94"}],"curies":[{"name":"wp","href":"https:\/\/api.w.org\/{rel}","templated":true}]}}